{"id":4141,"date":"2022-06-14T13:56:36","date_gmt":"2022-06-14T13:56:36","guid":{"rendered":"http:\/\/www.semgaragon.es\/web\/?page_id=4141"},"modified":"2022-06-15T09:56:06","modified_gmt":"2022-06-15T09:56:06","slug":"prueba","status":"publish","type":"page","link":"https:\/\/www.semgaragon.es\/web\/","title":{"rendered":""},"content":{"rendered":"\n<div class=\"wp-block-nextend-smartslider3\"><\/div>\n\n\n\n<div class=\"wp-container-20 wp-block-query\"><ul class=\"wp-container-19 wp-block-post-template\"><li class=\"wp-block-post post-4783 post type-post status-publish format-standard has-post-thumbnail hentry category-noticias\">\n\n<div class=\"wp-container-3 wp-block-columns are-vertically-aligned-center\">\n<div class=\"wp-container-1 wp-block-column is-vertically-aligned-center\" style=\"flex-basis:25%\"><figure class=\"wp-block-post-featured-image\"><a href=\"https:\/\/www.semgaragon.es\/web\/noticias\/xxvi-jornadas-semg-aragon-14-y-15-de-mayo-en-zaragoza\/\"><img width=\"468\" height=\"531\" src=\"https:\/\/www.semgaragon.es\/web\/wp-content\/uploads\/2025\/03\/Captura-de-pantalla-2025-04-01-213717.png\" class=\"attachment-post-thumbnail size-post-thumbnail wp-post-image\" alt=\"XXVI Jornadas SEMG Arag\u00f3n \u2013 14 y 15 de mayo en Zaragoza\" loading=\"lazy\" srcset=\"https:\/\/www.semgaragon.es\/web\/wp-content\/uploads\/2025\/03\/Captura-de-pantalla-2025-04-01-213717.png 468w, https:\/\/www.semgaragon.es\/web\/wp-content\/uploads\/2025\/03\/Captura-de-pantalla-2025-04-01-213717-264x300.png 264w\" sizes=\"(max-width: 468px) 100vw, 468px\" \/><\/a><\/figure><\/div>\n\n\n\n<div class=\"wp-container-2 wp-block-column is-vertically-aligned-center\" style=\"flex-basis:75%\"><h2 class=\"wp-block-post-title\"><a href=\"https:\/\/www.semgaragon.es\/web\/noticias\/xxvi-jornadas-semg-aragon-14-y-15-de-mayo-en-zaragoza\/\" target=\"_self\" rel=\"\">XXVI Jornadas SEMG Arag\u00f3n \u2013 14 y 15 de mayo en Zaragoza<\/a><\/h2><\/div>\n<\/div>\n\n<\/li><li class=\"wp-block-post post-4755 post type-post status-publish format-standard has-post-thumbnail hentry category-noticias\">\n\n<div class=\"wp-container-6 wp-block-columns are-vertically-aligned-center\">\n<div class=\"wp-container-4 wp-block-column is-vertically-aligned-center\" style=\"flex-basis:25%\"><figure class=\"wp-block-post-featured-image\"><a href=\"https:\/\/www.semgaragon.es\/web\/noticias\/nueva-junta-semg-aragon\/\"><img width=\"1585\" height=\"918\" src=\"https:\/\/www.semgaragon.es\/web\/wp-content\/uploads\/2024\/02\/Junta-SEMG-Aragon.jpeg\" class=\"attachment-post-thumbnail size-post-thumbnail wp-post-image\" alt=\"Nueva Junta\u00a0SEMG\u00a0Arag\u00f3n\" loading=\"lazy\" srcset=\"https:\/\/www.semgaragon.es\/web\/wp-content\/uploads\/2024\/02\/Junta-SEMG-Aragon.jpeg 1585w, https:\/\/www.semgaragon.es\/web\/wp-content\/uploads\/2024\/02\/Junta-SEMG-Aragon-300x174.jpeg 300w, https:\/\/www.semgaragon.es\/web\/wp-content\/uploads\/2024\/02\/Junta-SEMG-Aragon-1024x593.jpeg 1024w, https:\/\/www.semgaragon.es\/web\/wp-content\/uploads\/2024\/02\/Junta-SEMG-Aragon-768x445.jpeg 768w, https:\/\/www.semgaragon.es\/web\/wp-content\/uploads\/2024\/02\/Junta-SEMG-Aragon-1536x890.jpeg 1536w\" sizes=\"(max-width: 1585px) 100vw, 1585px\" \/><\/a><\/figure><\/div>\n\n\n\n<div class=\"wp-container-5 wp-block-column is-vertically-aligned-center\" style=\"flex-basis:75%\"><h2 class=\"wp-block-post-title\"><a href=\"https:\/\/www.semgaragon.es\/web\/noticias\/nueva-junta-semg-aragon\/\" target=\"_self\" rel=\"\">Nueva Junta\u00a0SEMG\u00a0Arag\u00f3n<\/a><\/h2><\/div>\n<\/div>\n\n<\/li><li class=\"wp-block-post post-4739 post type-post status-publish format-standard has-post-thumbnail hentry category-destacada category-noticias\">\n\n<div class=\"wp-container-9 wp-block-columns are-vertically-aligned-center\">\n<div class=\"wp-container-7 wp-block-column is-vertically-aligned-center\" style=\"flex-basis:25%\"><figure class=\"wp-block-post-featured-image\"><a href=\"https:\/\/www.semgaragon.es\/web\/noticias\/xxv-jornadas-semg-aragon-17-y-18-de-abril-2024\/\"><img width=\"800\" height=\"406\" src=\"https:\/\/www.semgaragon.es\/web\/wp-content\/uploads\/2024\/01\/0.jpg\" class=\"attachment-post-thumbnail size-post-thumbnail wp-post-image\" alt=\"XXV Jornadas SEMG Arag\u00f3n. 17 y 18 de abril 2024\u00a0\" loading=\"lazy\" srcset=\"https:\/\/www.semgaragon.es\/web\/wp-content\/uploads\/2024\/01\/0.jpg 800w, https:\/\/www.semgaragon.es\/web\/wp-content\/uploads\/2024\/01\/0-300x152.jpg 300w, https:\/\/www.semgaragon.es\/web\/wp-content\/uploads\/2024\/01\/0-768x390.jpg 768w\" sizes=\"(max-width: 800px) 100vw, 800px\" \/><\/a><\/figure><\/div>\n\n\n\n<div class=\"wp-container-8 wp-block-column is-vertically-aligned-center\" style=\"flex-basis:75%\"><h2 class=\"wp-block-post-title\"><a href=\"https:\/\/www.semgaragon.es\/web\/noticias\/xxv-jornadas-semg-aragon-17-y-18-de-abril-2024\/\" target=\"_self\" rel=\"\">XXV Jornadas SEMG Arag\u00f3n. 17 y 18 de abril 2024\u00a0<\/a><\/h2><\/div>\n<\/div>\n\n<\/li><li class=\"wp-block-post post-4725 post type-post status-publish format-standard has-post-thumbnail hentry\">\n\n<div class=\"wp-container-12 wp-block-columns are-vertically-aligned-center\">\n<div class=\"wp-container-10 wp-block-column is-vertically-aligned-center\" style=\"flex-basis:25%\"><figure class=\"wp-block-post-featured-image\"><a href=\"https:\/\/www.semgaragon.es\/web\/noticias\/feliz-navidad-y-prospero-2024\/\"><img width=\"1800\" height=\"900\" src=\"https:\/\/www.semgaragon.es\/web\/wp-content\/uploads\/2023\/12\/0-1800x900.jpg\" class=\"attachment-post-thumbnail size-post-thumbnail wp-post-image\" alt=\"Feliz Navidad y Pr\u00f3spero 2024\" loading=\"lazy\" srcset=\"https:\/\/www.semgaragon.es\/web\/wp-content\/uploads\/2023\/12\/0-1800x900.jpg 1800w, https:\/\/www.semgaragon.es\/web\/wp-content\/uploads\/2023\/12\/0-300x150.jpg 300w, https:\/\/www.semgaragon.es\/web\/wp-content\/uploads\/2023\/12\/0-1024x512.jpg 1024w, https:\/\/www.semgaragon.es\/web\/wp-content\/uploads\/2023\/12\/0-768x384.jpg 768w, https:\/\/www.semgaragon.es\/web\/wp-content\/uploads\/2023\/12\/0-1536x768.jpg 1536w, https:\/\/www.semgaragon.es\/web\/wp-content\/uploads\/2023\/12\/0.jpg 1836w\" sizes=\"(max-width: 1800px) 100vw, 1800px\" \/><\/a><\/figure><\/div>\n\n\n\n<div class=\"wp-container-11 wp-block-column is-vertically-aligned-center\" style=\"flex-basis:75%\"><h2 class=\"wp-block-post-title\"><a href=\"https:\/\/www.semgaragon.es\/web\/noticias\/feliz-navidad-y-prospero-2024\/\" target=\"_self\" rel=\"\">Feliz Navidad y Pr\u00f3spero 2024<\/a><\/h2><\/div>\n<\/div>\n\n<\/li><li class=\"wp-block-post post-4717 post type-post status-publish format-standard has-post-thumbnail hentry category-noticias\">\n\n<div class=\"wp-container-15 wp-block-columns are-vertically-aligned-center\">\n<div class=\"wp-container-13 wp-block-column is-vertically-aligned-center\" style=\"flex-basis:25%\"><figure class=\"wp-block-post-featured-image\"><a href=\"https:\/\/www.semgaragon.es\/web\/noticias\/curso-documentos-medico-legales-en-atencion-primaria-24-de-enero-2024\/\"><img width=\"768\" height=\"432\" src=\"https:\/\/www.semgaragon.es\/web\/wp-content\/uploads\/2023\/11\/1-5.jpg\" class=\"attachment-post-thumbnail size-post-thumbnail wp-post-image\" alt=\"Curso Documentos m\u00e9dico-legales en Atenci\u00f3n Primaria. \u00abCupo completo\u00bb\" loading=\"lazy\" srcset=\"https:\/\/www.semgaragon.es\/web\/wp-content\/uploads\/2023\/11\/1-5.jpg 768w, https:\/\/www.semgaragon.es\/web\/wp-content\/uploads\/2023\/11\/1-5-300x169.jpg 300w\" sizes=\"(max-width: 768px) 100vw, 768px\" \/><\/a><\/figure><\/div>\n\n\n\n<div class=\"wp-container-14 wp-block-column is-vertically-aligned-center\" style=\"flex-basis:75%\"><h2 class=\"wp-block-post-title\"><a href=\"https:\/\/www.semgaragon.es\/web\/noticias\/curso-documentos-medico-legales-en-atencion-primaria-24-de-enero-2024\/\" target=\"_self\" rel=\"\">Curso Documentos m\u00e9dico-legales en Atenci\u00f3n Primaria. \u00abCupo completo\u00bb<\/a><\/h2><\/div>\n<\/div>\n\n<\/li><li class=\"wp-block-post post-4704 post type-post status-publish format-standard has-post-thumbnail hentry category-noticias\">\n\n<div class=\"wp-container-18 wp-block-columns are-vertically-aligned-center\">\n<div class=\"wp-container-16 wp-block-column is-vertically-aligned-center\" style=\"flex-basis:25%\"><figure class=\"wp-block-post-featured-image\"><a href=\"https:\/\/www.semgaragon.es\/web\/noticias\/semg-aragon-sale-de-nuevo-a-la-calle-a-concienciar-a-la-ciudadania-por-el-dia-mundial-del-corazon-2023\/\"><img width=\"676\" height=\"394\" src=\"https:\/\/www.semgaragon.es\/web\/wp-content\/uploads\/2023\/11\/11-2.jpg\" class=\"attachment-post-thumbnail size-post-thumbnail wp-post-image\" alt=\"SEMG Arag\u00f3n sale de nuevo a la calle a concienciar a la ciudadan\u00eda por el d\u00eda mundial del coraz\u00f3n 2023\" loading=\"lazy\" srcset=\"https:\/\/www.semgaragon.es\/web\/wp-content\/uploads\/2023\/11\/11-2.jpg 676w, https:\/\/www.semgaragon.es\/web\/wp-content\/uploads\/2023\/11\/11-2-300x175.jpg 300w\" sizes=\"(max-width: 676px) 100vw, 676px\" \/><\/a><\/figure><\/div>\n\n\n\n<div class=\"wp-container-17 wp-block-column is-vertically-aligned-center\" style=\"flex-basis:75%\"><h2 class=\"wp-block-post-title\"><a href=\"https:\/\/www.semgaragon.es\/web\/noticias\/semg-aragon-sale-de-nuevo-a-la-calle-a-concienciar-a-la-ciudadania-por-el-dia-mundial-del-corazon-2023\/\" target=\"_self\" rel=\"\">SEMG Arag\u00f3n sale de nuevo a la calle a concienciar a la ciudadan\u00eda por el d\u00eda mundial del coraz\u00f3n 2023<\/a><\/h2><\/div>\n<\/div>\n\n<\/li><\/ul><\/div>\n","protected":false},"excerpt":{"rendered":"","protected":false},"author":1,"featured_media":0,"parent":0,"menu_order":0,"comment_status":"closed","ping_status":"closed","template":"templates\/template-sidebar-right-no-title.php","meta":[],"_links":{"self":[{"href":"https:\/\/www.semgaragon.es\/web\/wp-json\/wp\/v2\/pages\/4141"}],"collection":[{"href":"https:\/\/www.semgaragon.es\/web\/wp-json\/wp\/v2\/pages"}],"about":[{"href":"https:\/\/www.semgaragon.es\/web\/wp-json\/wp\/v2\/types\/page"}],"author":[{"embeddable":true,"href":"https:\/\/www.semgaragon.es\/web\/wp-json\/wp\/v2\/users\/1"}],"replies":[{"embeddable":true,"href":"https:\/\/www.semgaragon.es\/web\/wp-json\/wp\/v2\/comments?post=4141"}],"version-history":[{"count":25,"href":"https:\/\/www.semgaragon.es\/web\/wp-json\/wp\/v2\/pages\/4141\/revisions"}],"predecessor-version":[{"id":4230,"href":"https:\/\/www.semgaragon.es\/web\/wp-json\/wp\/v2\/pages\/4141\/revisions\/4230"}],"wp:attachment":[{"href":"https:\/\/www.semgaragon.es\/web\/wp-json\/wp\/v2\/media?parent=4141"}],"curies":[{"name":"wp","href":"https:\/\/api.w.org\/{rel}","templated":true}]}}